{"id":506,"date":"2025-09-21T21:03:28","date_gmt":"2025-09-21T19:03:28","guid":{"rendered":"http:\/\/www.espritlivre.be\/?page_id=506"},"modified":"2025-09-21T22:56:27","modified_gmt":"2025-09-21T20:56:27","slug":"tiers-lieu-2","status":"publish","type":"page","link":"http:\/\/www.espritlivre.be\/index.php\/tiers-lieu-2\/","title":{"rendered":"Tiers-lieu"},"content":{"rendered":"\n<h2 class=\"wp-block-heading\">L&#8217;Esprit Livre, un Tiers-lieu<\/h2>\n\n\n\n<p>L&#8217;Esprit Livre, en tant que Tiers-Lieu, offre \u00e0 l&#8217;ensemble de la population, aux citoyen\u00b7nes, aux associations, et plus g\u00e9n\u00e9ralement \u00e0 tous les acteurs locaux, un espace pour travailler, se rencontrer, partager des id\u00e9es, se former, d\u00e9couvrir la culture et participer \u00e0 des \u00e9v\u00e9nements. <br>C\u2019est un lieu vivant qui encourage les \u00e9changes entre habitants, associations et acteurs locaux. Son objectif : cr\u00e9er du lien, renforcer la solidarit\u00e9, favoriser l\u2019inclusion et faire \u00e9merger de nouveaux projets utiles \u00e0 notre territoire.<\/p>\n\n\n\n<figure class=\"wp-block-pullquote\"><blockquote><p><br>Qu\u2019est-ce qu\u2019un <strong>tiers-lieu<\/strong> ?<\/p><cite>\u00ab Un tiers-lieu d\u00e9signe un espace dans lequel s\u2019incarne la volont\u00e9 d\u2019une communaut\u00e9 de citoyen\u00b7nes d\u2019aller vers un monde meilleur. \u00bb<\/cite><\/blockquote><\/figure>\n\n\n\n<p class=\"has-text-align-left is-style-default has-inter-font-family\" style=\"text-transform:uppercase\">C\u2019est Dans cet esprit que L&#8217;Esprit Livre se veut un lieu ouvert, riche en liens, avec une multitude de projets et d\u2019activit\u00e9s organis\u00e9es par et pour les habitant.e.s d&#8217;\u00e9rez\u00e9e et de ses alentours.<br><br>Cette vid\u00e9o, r\u00e9alis\u00e9e en France, le r\u00e9sume tr\u00e8s simplement :<\/p>\n\n\n\n<figure class=\"wp-block-embed is-type-video is-provider-youtube wp-block-embed-youtube wp-embed-aspect-16-9 wp-has-aspect-ratio\"><div class=\"wp-block-embed__wrapper\">\n<iframe loading=\"lazy\" title=\"C&#039;est quoi un tiers-lieu?\" width=\"500\" height=\"281\" src=\"https:\/\/www.youtube.com\/embed\/SU_FZLB-rwQ?feature=oembed\" frameborder=\"0\" allow=\"accelerometer; autoplay; clipboard-write; encrypted-media; gyroscope; picture-in-picture; web-share\" referrerpolicy=\"strict-origin-when-cross-origin\" allowfullscreen><\/iframe>\n<\/div><\/figure>\n","protected":false},"excerpt":{"rendered":"<p>L&#8217;Esprit Livre, un Tiers-lieu L&#8217;Esprit Livre, en tant que Tiers-Lieu, offre \u00e0 l&#8217;ensemble de la population, aux citoyen\u00b7nes, aux associations, et plus g\u00e9n\u00e9ralement \u00e0 tous les acteurs locaux, un espace [&hellip;]<\/p>\n","protected":false},"author":1,"featured_media":0,"parent":0,"menu_order":0,"comment_status":"closed","ping_status":"closed","template":"","meta":{"_EventAllDay":false,"_EventTimezone":"","_EventStartDate":"","_EventEndDate":"","_EventStartDateUTC":"","_EventEndDateUTC":"","_EventShowMap":false,"_EventShowMapLink":false,"_EventURL":"","_EventCost":"","_EventCostDescription":"","_EventCurrencySymbol":"","_EventCurrencyCode":"","_EventCurrencyPosition":"","_EventDateTimeSeparator":"","_EventTimeRangeSeparator":"","_EventOrganizerID":[],"_EventVenueID":[],"_OrganizerEmail":"","_OrganizerPhone":"","_OrganizerWebsite":"","_VenueAddress":"","_VenueCity":"","_VenueCountry":"","_VenueProvince":"","_VenueState":"","_VenueZip":"","_VenuePhone":"","_VenueURL":"","_VenueStateProvince":"","_VenueLat":"","_VenueLng":"","_VenueShowMap":false,"_VenueShowMapLink":false,"footnotes":""},"class_list":["post-506","page","type-page","status-publish","hentry"],"_links":{"self":[{"href":"http:\/\/www.espritlivre.be\/index.php\/wp-json\/wp\/v2\/pages\/506","targetHints":{"allow":["GET"]}}],"collection":[{"href":"http:\/\/www.espritlivre.be\/index.php\/wp-json\/wp\/v2\/pages"}],"about":[{"href":"http:\/\/www.espritlivre.be\/index.php\/wp-json\/wp\/v2\/types\/page"}],"author":[{"embeddable":true,"href":"http:\/\/www.espritlivre.be\/index.php\/wp-json\/wp\/v2\/users\/1"}],"replies":[{"embeddable":true,"href":"http:\/\/www.espritlivre.be\/index.php\/wp-json\/wp\/v2\/comments?post=506"}],"version-history":[{"count":9,"href":"http:\/\/www.espritlivre.be\/index.php\/wp-json\/wp\/v2\/pages\/506\/revisions"}],"predecessor-version":[{"id":557,"href":"http:\/\/www.espritlivre.be\/index.php\/wp-json\/wp\/v2\/pages\/506\/revisions\/557"}],"wp:attachment":[{"href":"http:\/\/www.espritlivre.be\/index.php\/wp-json\/wp\/v2\/media?parent=506"}],"curies":[{"name":"wp","href":"https:\/\/api.w.org\/{rel}","templated":true}]}}